{"id":615,"date":"2020-07-10T20:09:15","date_gmt":"2020-07-10T20:09:15","guid":{"rendered":"http:\/\/sinergos.org\/?page_id=615"},"modified":"2021-07-10T10:08:53","modified_gmt":"2021-07-10T10:08:53","slug":"encuentro-tierras-en-danza","status":"publish","type":"page","link":"https:\/\/sinergos.org\/index.php\/encuentro-tierras-en-danza\/","title":{"rendered":"ENCUENTRO TIERRAS EN DANZA"},"content":{"rendered":"\t\t<div data-elementor-type=\"wp-page\" data-elementor-id=\"615\" class=\"elementor elementor-615\">\n\t\t\t\t\t\t<section class=\"elementor-section elementor-top-section elementor-element elementor-element-1b331c42 elementor-section-boxed elementor-section-height-default elementor-section-height-default\" data-id=\"1b331c42\" data-element_type=\"section\" data-e-type=\"section\">\n\t\t\t\t\t\t<div class=\"elementor-container elementor-column-gap-default\">\n\t\t\t\t\t<div class=\"elementor-column elementor-col-100 elementor-top-column elementor-element elementor-element-32a2c5ca\" data-id=\"32a2c5ca\" data-element_type=\"column\" data-e-type=\"column\">\n\t\t\t<div class=\"elementor-widget-wrap elementor-element-populated\">\n\t\t\t\t\t\t<div class=\"elementor-element elementor-element-293223 elementor-widget elementor-widget-text-editor\" data-id=\"293223\" data-element_type=\"widget\" data-e-type=\"widget\" data-widget_type=\"text-editor.default\">\n\t\t\t\t<div class=\"elementor-widget-container\">\n\t\t\t\t\t\t\t\t\t<p><\/p>\n<figure class=\"wp-block-image is-resized\"><a href=\"http:\/\/tierrasendanza.es\/\"><img fetchpriority=\"high\" decoding=\"async\" class=\"wp-image-512\" src=\"https:\/\/sinergos.org\/wp-content\/uploads\/2020\/07\/Tierras-en-danza-logo-Sinergos-scaled.jpg\" alt=\"\" width=\"1042\" height=\"736\" srcset=\"https:\/\/sinergos.org\/wp-content\/uploads\/2020\/07\/Tierras-en-danza-logo-Sinergos-scaled.jpg 2560w, https:\/\/sinergos.org\/wp-content\/uploads\/2020\/07\/Tierras-en-danza-logo-Sinergos-300x212.jpg 300w, https:\/\/sinergos.org\/wp-content\/uploads\/2020\/07\/Tierras-en-danza-logo-Sinergos-1024x724.jpg 1024w, https:\/\/sinergos.org\/wp-content\/uploads\/2020\/07\/Tierras-en-danza-logo-Sinergos-768x543.jpg 768w, https:\/\/sinergos.org\/wp-content\/uploads\/2020\/07\/Tierras-en-danza-logo-Sinergos-1536x1086.jpg 1536w, https:\/\/sinergos.org\/wp-content\/uploads\/2020\/07\/Tierras-en-danza-logo-Sinergos-2048x1448.jpg 2048w\" sizes=\"(max-width: 1042px) 100vw, 1042px\" \/><\/a>\n<p>\u00a0<\/p>\n<figcaption><strong>Toda la informaci\u00f3n en la web <a href=\"http:\/\/tierrasendanza.es\/\">http:\/\/tierrasendanza.es\/<\/a><\/strong><\/figcaption>\n<figcaption><\/figcaption>\n<\/figure>\n<p><span style=\"color: var( --e-global-color-text );\">El <\/span><em style=\"color: var( --e-global-color-text );\">Encuentro de danza contempor\u00e1nea Tierras en Danza<\/em><span style=\"color: var( --e-global-color-text );\"> fue un <\/span><strong style=\"color: var( --e-global-color-text );\"><span class=\"has-inline-color\" style=\"color: #671e75;\">evento formativo, cultural y tur\u00edstico<\/span><\/strong><span style=\"color: var( --e-global-color-text );\"> en el que vivir la danza en un entorno privilegiado. Organizado por la asociaci\u00f3n Sinergos, y como iniciativa de Luis Agorreta y Jos\u00e9 Reches, profesionales de la danza contempor\u00e1nea, en las instalaciones del Centro Internacional de Innovaci\u00f3n Deportiva El Anillo de Guijo de Granadilla se disfrut\u00f3 de <\/span><strong style=\"color: var( --e-global-color-text );\"><span class=\"has-inline-color\" style=\"color: #671e75;\">una semana de t\u00e9cnicas de danza contempor\u00e1nea, actividades deportivas y culturales.<\/span><\/strong><\/p>\n<p><span style=\"color: var( --e-global-color-text );\">Este encuentro que cont\u00f3 con la presencia de 19 profesionales de la danza contempor\u00e1nea de diversas partes de Espa\u00f1a, Italia, Suiza y Australia, combin\u00f3 adem\u00e1s de clases sobre t\u00e9cnicas de danza, talleres de improvisaci\u00f3n realizados en el entorno del embalse de Gabriel y Gal\u00e1n, as\u00ed como en en diversas visitas culturales en la ciudad de C\u00e1parra y Ba\u00f1os de Montemayor.\u00a0 Se trat\u00f3 por tanto de una experiencia global en la que el alumnado profundiz\u00f3 en el camino del conocimiento de su cuerpo y de sus posibilidades, tanto t\u00e9cnicas como creativas.<\/span><\/p>\n<p><span style=\"color: var( --e-global-color-text );\">Este encuentro formativo ha supuesto una innovaci\u00f3n dentro de la materia al combinar la formaci\u00f3n de alto nivel &#8211; a cargo de los expertos y profesores en danza contempor\u00e1nea: Diana Bonilla, Cristiane Boullosa, Luis Agorreta y Jos\u00e9 Reches &#8211; con actividades culturales y deportivas como cicloturismo, turismo astron\u00f3mico, senderismo y pirag\u00fcismo.\u00a0Se part\u00eda de la base de establecer a Extremadura como lugar de referencia de la danza contempor\u00e1nea, por ello Tierras en Danza apost\u00f3 por reunir a los amantes del movimiento en entornos naturales de innegable belleza y crear un espacio para la experimentaci\u00f3n y el disfrute, que difunde el valor del arte y los atractivos de la regi\u00f3n.<\/span><\/p>\n<p><span style=\"color: var( --e-global-color-text );\">Tierras en Danza propuso un intensivo de danza dirigido a los bailarines de danza contempor\u00e1nea interesados en <\/span><strong style=\"color: var( --e-global-color-text );\"><span class=\"has-inline-color\" style=\"color: #671e75;\">afrontar el movimiento desde diferentes perspectivas.<\/span><\/strong><span style=\"color: var( --e-global-color-text );\"> En la programaci\u00f3n se encontraban clases t\u00e9cnicas de danza contempor\u00e1nea en las que enriquecer el vocabulario y las sensaciones, asentando los conceptos m\u00e1s b\u00e1sicos y profundizando en los m\u00e1s avanzados (Flying low, Touching air); clases de conocimiento del propio cuerpo (Habitar lo ef\u00edmero), clases en las que trabajar la improvisaci\u00f3n desde diferentes perspectivas (Improvisaci\u00f3n guiada) y Talleres de improvisaci\u00f3n y creaci\u00f3n en lugares emblem\u00e1ticos de la zona. Un total de <\/span><strong style=\"color: var( --e-global-color-text );\"><span class=\"has-inline-color\" style=\"color: #671e75;\">m\u00e1s de 25 horas de clase <\/span><\/strong><span style=\"color: var( --e-global-color-text );\">que exploraron el inmenso abanico de posibilidades que presenta el cuerpo del bailar\u00edn.<\/span><\/p>\n<p><span style=\"color: var( --e-global-color-text );\">Por otra parte, el Festival no solo ofreci\u00f3 clases de danza; la actividad deportiva y cultural fueron tambi\u00e9n parte de los pilares en los que se fundament\u00f3 el proyecto. Una <\/span><strong style=\"color: var( --e-global-color-text );\"><span class=\"has-inline-color\" style=\"color: #671e75;\">ruta en piragua<\/span><\/strong><span style=\"color: var( --e-global-color-text );\"> por el Embalse de Gabriel y Gal\u00e1n, la visita de la ciudad de <\/span><strong style=\"color: var( --e-global-color-text );\"><span class=\"has-inline-color\" style=\"color: #671e75;\">Granadilla, senderismo<\/span><\/strong><span style=\"color: var( --e-global-color-text );\"> por las V\u00edas de la Plata y Verde alrededor de <\/span><strong style=\"color: var( --e-global-color-text );\"><span class=\"has-inline-color\" style=\"color: #671e75;\">Ba\u00f1os de Montemayor<\/span><\/strong><span style=\"color: var( --e-global-color-text );\"> o una visita guiada a la ciudad romana de<\/span><strong style=\"color: var( --e-global-color-text );\"><span class=\"has-inline-color\" style=\"color: #671e75;\"> C\u00e1parra<\/span><\/strong><span style=\"color: var( --e-global-color-text );\"> fueron algunas de las actividades planificadas. La actividad f\u00edsica se fundi\u00f3 con la cultura en un entorno lleno de lugares por descubrir.<\/span><\/p>\n<p><span style=\"color: var( --e-global-color-text );\">El entorno en el que se celebr\u00f3 este encuentro, a orillas del embalse de Gabriel y Gal\u00e1n, tambi\u00e9n es parte integral de lo que ofreci\u00f3 Tierras en Danza. En un radio de menos de 30 km se encontraban las ruinas romanas de la ciudad de C\u00e1parra que, en plena V\u00eda de la Plata, es una de las sedes del festival de Teatro cl\u00e1sico de M\u00e9rida; o la Villa Medieval de Granadilla, declarada como Conjunto Hist\u00f3rico Art\u00edstico (dentro del programa de recuperaci\u00f3n de pueblos abandonados). En estos enclaves se desarrollaron los talleres de improvisaci\u00f3n y creaci\u00f3n coreogr\u00e1fica. Adem\u00e1s, se realiz\u00f3 una visita a la localidad pr\u00f3xima de Ba\u00f1os de Montemayor, famosa por sus balnearios y termas romanas, y donde se disfrut\u00f3 de las actuaciones y actividades programadas para el <\/span><a href=\"https:\/\/sinergos.org\/index.php\/festival-tierras-en-danza\/\">Festival.<\/a><\/p>\n<p><span style=\"color: var( --e-global-color-text );\">Colaboraron en el proyecto: <\/span><a href=\"http:\/\/extremaduratrabaja.juntaex.es\/formacion_el_anillo\" target=\"_blank\" rel=\"noreferrer noopener\">El Anillo, Centro de Innovaci\u00f3n Deportiva en el Medio Natural<\/a><span style=\"color: var( --e-global-color-text );\">; Ayuntamiento de Ba\u00f1os de Montemayor; <\/span><a href=\"https:\/\/www.dip-caceres.es\/\" target=\"_blank\" rel=\"noreferrer noopener\">Diputaci\u00f3n de C\u00e1ceres<\/a><span style=\"color: var( --e-global-color-text );\">; <\/span><a href=\"http:\/\/www.solucioneswellness.com\/\">Soluciones Wellness<\/a><span style=\"color: var( --e-global-color-text );\">; <\/span><a href=\"https:\/\/rcpdmariemma.com\/\" target=\"_blank\" rel=\"noreferrer noopener\">Real Conservatorio Profesional de Danza \u201cMariemma\u201d<\/a><span style=\"color: var( --e-global-color-text );\">, <\/span><a href=\"http:\/\/www.cedercaparra.es\/es\/\" target=\"_blank\" rel=\"noreferrer noopener\">Ceder C\u00e1parra.<\/a><\/p>\n<p><\/p>\n<p><span style=\"color: var( --e-global-color-text ); font-family: Lato, sans-serif; font-size: 29px; font-style: inherit;\">FOTOGRAF\u00cdAS<\/span><\/p>\n<figure class=\"wp-block-gallery columns-3 is-cropped\">\n<ul class=\"blocks-gallery-grid\">\n<li class=\"blocks-gallery-item\">\n<figure><img decoding=\"async\" width=\"2560\" height=\"1440\" class=\"wp-image-663\" src=\"https:\/\/sinergos.org\/wp-content\/uploads\/2020\/08\/Presentacio\u0301n-1-scaled.jpg\" alt=\"Tierras_en_danza_2020_alumnado\" data-id=\"663\" data-full-url=\"https:\/\/sinergos.org\/wp-content\/uploads\/2020\/08\/Presentacio\u0301n-1-scaled.jpg\" data-link=\"https:\/\/sinergos.org\/presentacion-1\/\" srcset=\"https:\/\/sinergos.org\/wp-content\/uploads\/2020\/08\/Presentacio\u0301n-1-scaled.jpg 2560w, https:\/\/sinergos.org\/wp-content\/uploads\/2020\/08\/Presentacio\u0301n-1-300x169.jpg 300w\" sizes=\"(max-width: 2560px) 100vw, 2560px\" \/>\n<p>\u00a0<\/p>\n<figcaption class=\"blocks-gallery-item__caption\">Fotograf\u00eda de grupo de la primera promoci\u00f3n del encuentro formativo Tierras en Danza<\/figcaption>\n<\/figure>\n<\/li>\n<li class=\"blocks-gallery-item\">\n<figure><img decoding=\"async\" width=\"2560\" height=\"1440\" class=\"wp-image-676\" src=\"https:\/\/sinergos.org\/wp-content\/uploads\/2020\/08\/Taller-Luis-3-1-scaled.jpg\" alt=\"Taller_danza_contempor\u00e1nea_el_anillo_tierras_en_danza_2020\" data-id=\"676\" data-full-url=\"https:\/\/sinergos.org\/wp-content\/uploads\/2020\/08\/Taller-Luis-3-1-scaled.jpg\" data-link=\"https:\/\/sinergos.org\/taller-luis-3-2\/\" srcset=\"https:\/\/sinergos.org\/wp-content\/uploads\/2020\/08\/Taller-Luis-3-1-scaled.jpg 2560w, https:\/\/sinergos.org\/wp-content\/uploads\/2020\/08\/Taller-Luis-3-1-300x169.jpg 300w\" sizes=\"(max-width: 2560px) 100vw, 2560px\" \/>\n<p>\u00a0<\/p>\n<figcaption class=\"blocks-gallery-item__caption\">Encuentro formativo en un entorno \u00fanico<\/figcaption>\n<\/figure>\n<\/li>\n<li class=\"blocks-gallery-item\">\n<figure><img loading=\"lazy\" decoding=\"async\" width=\"2560\" height=\"1707\" class=\"wp-image-662\" src=\"https:\/\/sinergos.org\/wp-content\/uploads\/2020\/08\/Clase-Cristiane-1-1-scaled.jpg\" alt=\"Clase Cristiane Tierras_en_danza_2020\" data-id=\"662\" data-full-url=\"https:\/\/sinergos.org\/wp-content\/uploads\/2020\/08\/Clase-Cristiane-1-1-scaled.jpg\" data-link=\"https:\/\/sinergos.org\/clase-cristiane-1-2\/\" srcset=\"https:\/\/sinergos.org\/wp-content\/uploads\/2020\/08\/Clase-Cristiane-1-1-scaled.jpg 2560w, https:\/\/sinergos.org\/wp-content\/uploads\/2020\/08\/Clase-Cristiane-1-1-300x200.jpg 300w\" sizes=\"(max-width: 2560px) 100vw, 2560px\" \/>\n<p>\u00a0<\/p>\n<figcaption class=\"blocks-gallery-item__caption\">Clase de Cristiane Boullosa en las instalaciones del Anillo<\/figcaption>\n<\/figure>\n<\/li>\n<li class=\"blocks-gallery-item\">\n<figure><img loading=\"lazy\" decoding=\"async\" width=\"2560\" height=\"1707\" class=\"wp-image-671\" src=\"https:\/\/sinergos.org\/wp-content\/uploads\/2020\/08\/Taller-Luis-5-scaled.jpg\" alt=\"Clase_Luis_Agorreta_Tierras_en_danza_2020\" data-id=\"671\" data-full-url=\"https:\/\/sinergos.org\/wp-content\/uploads\/2020\/08\/Taller-Luis-5-scaled.jpg\" data-link=\"https:\/\/sinergos.org\/taller-luis-5\/\" srcset=\"https:\/\/sinergos.org\/wp-content\/uploads\/2020\/08\/Taller-Luis-5-scaled.jpg 2560w, https:\/\/sinergos.org\/wp-content\/uploads\/2020\/08\/Taller-Luis-5-300x200.jpg 300w\" sizes=\"(max-width: 2560px) 100vw, 2560px\" \/>\n<p>\u00a0<\/p>\n<figcaption class=\"blocks-gallery-item__caption\">Clase de Luis Agorreta<\/figcaption>\n<\/figure>\n<\/li>\n<li class=\"blocks-gallery-item\">\n<figure><img loading=\"lazy\" decoding=\"async\" width=\"1024\" height=\"683\" class=\"wp-image-658\" src=\"https:\/\/sinergos.org\/wp-content\/uploads\/2020\/08\/C\u00e1parra-7-1024x683.jpg\" alt=\"Taller_improvisaci\u00f3n_C\u00e1parra_Tierras_en_danza_2020\" data-id=\"658\" data-full-url=\"https:\/\/sinergos.org\/wp-content\/uploads\/2020\/08\/C\u00e1parra-7-scaled.jpg\" data-link=\"https:\/\/sinergos.org\/caparra-7\/\" srcset=\"https:\/\/sinergos.org\/wp-content\/uploads\/2020\/08\/C\u00e1parra-7-1024x683.jpg 1024w, https:\/\/sinergos.org\/wp-content\/uploads\/2020\/08\/C\u00e1parra-7-300x200.jpg 300w, https:\/\/sinergos.org\/wp-content\/uploads\/2020\/08\/C\u00e1parra-7-768x512.jpg 768w, https:\/\/sinergos.org\/wp-content\/uploads\/2020\/08\/C\u00e1parra-7-1536x1024.jpg 1536w, https:\/\/sinergos.org\/wp-content\/uploads\/2020\/08\/C\u00e1parra-7-2048x1365.jpg 2048w\" sizes=\"(max-width: 1024px) 100vw, 1024px\" \/>\n<p>\u00a0<\/p>\n<figcaption class=\"blocks-gallery-item__caption\">Taller de improvisaci\u00f3n en el anfiteatro de la ciudad romana de C\u00e1parra<\/figcaption>\n<\/figure>\n<\/li>\n<li class=\"blocks-gallery-item\">\n<figure><img loading=\"lazy\" decoding=\"async\" width=\"1707\" height=\"2560\" class=\"wp-image-655\" src=\"https:\/\/sinergos.org\/wp-content\/uploads\/2020\/08\/1-Clase-M5-Jos\u00e9-scaled.jpg\" alt=\"\" data-id=\"655\" data-full-url=\"https:\/\/sinergos.org\/wp-content\/uploads\/2020\/08\/1-Clase-M5-Jos\u00e9-scaled.jpg\" data-link=\"https:\/\/sinergos.org\/1-clase-m5-jose\/\" srcset=\"https:\/\/sinergos.org\/wp-content\/uploads\/2020\/08\/1-Clase-M5-Jos\u00e9-scaled.jpg 1707w, https:\/\/sinergos.org\/wp-content\/uploads\/2020\/08\/1-Clase-M5-Jos\u00e9-200x300.jpg 200w\" sizes=\"(max-width: 1707px) 100vw, 1707px\" \/>\n<p>\u00a0<\/p>\n<figcaption class=\"blocks-gallery-item__caption\">Clase de Jos\u00e9 Reches<\/figcaption>\n<\/figure>\n<\/li>\n<li class=\"blocks-gallery-item\">\n<figure><img loading=\"lazy\" decoding=\"async\" width=\"2560\" height=\"1707\" class=\"wp-image-665\" src=\"https:\/\/sinergos.org\/wp-content\/uploads\/2020\/08\/Taller-Ban\u0303os-4-scaled.jpg\" alt=\"taller_improvisaci\u00f3n_tierras_en_danza_2020\" data-id=\"665\" data-full-url=\"https:\/\/sinergos.org\/wp-content\/uploads\/2020\/08\/Taller-Ban\u0303os-4-scaled.jpg\" data-link=\"https:\/\/sinergos.org\/taller-ban%cc%83os-4\/\" srcset=\"https:\/\/sinergos.org\/wp-content\/uploads\/2020\/08\/Taller-Ban\u0303os-4-scaled.jpg 2560w, https:\/\/sinergos.org\/wp-content\/uploads\/2020\/08\/Taller-Ban\u0303os-4-300x200.jpg 300w\" sizes=\"(max-width: 2560px) 100vw, 2560px\" \/>\n<p>\u00a0<\/p>\n<figcaption class=\"blocks-gallery-item__caption\">Taller de improvisaci\u00f3n en el jard\u00edn del balneario de Ba\u00f1os de Montemayor<\/figcaption>\n<\/figure>\n<\/li>\n<li class=\"blocks-gallery-item\">\n<figure><img loading=\"lazy\" decoding=\"async\" width=\"2560\" height=\"1440\" class=\"wp-image-661\" src=\"https:\/\/sinergos.org\/wp-content\/uploads\/2020\/08\/Bicis-1-1-scaled.jpg\" alt=\"Ruta_cicloturista_C\u00e1parra_Tierras_en_danza_2020\" data-id=\"661\" data-full-url=\"https:\/\/sinergos.org\/wp-content\/uploads\/2020\/08\/Bicis-1-1-scaled.jpg\" data-link=\"https:\/\/sinergos.org\/bicis-1-2\/\" srcset=\"https:\/\/sinergos.org\/wp-content\/uploads\/2020\/08\/Bicis-1-1-scaled.jpg 2560w, https:\/\/sinergos.org\/wp-content\/uploads\/2020\/08\/Bicis-1-1-300x169.jpg 300w\" sizes=\"(max-width: 2560px) 100vw, 2560px\" \/>\n<p>\u00a0<\/p>\n<figcaption class=\"blocks-gallery-item__caption\">Ruta cicloturista a C\u00e1parra<\/figcaption>\n<\/figure>\n<\/li>\n<li class=\"blocks-gallery-item\">\n<figure><img loading=\"lazy\" decoding=\"async\" width=\"2560\" height=\"1440\" class=\"wp-image-667\" src=\"https:\/\/sinergos.org\/wp-content\/uploads\/2020\/08\/Taller-Jose\u0301-playa-1-scaled.jpg\" alt=\"Taller_jose_reches_tierras_en_danza_2020\" data-id=\"667\" data-full-url=\"https:\/\/sinergos.org\/wp-content\/uploads\/2020\/08\/Taller-Jose\u0301-playa-1-scaled.jpg\" data-link=\"https:\/\/sinergos.org\/taller-jose-playa-1\/\" srcset=\"https:\/\/sinergos.org\/wp-content\/uploads\/2020\/08\/Taller-Jose\u0301-playa-1-scaled.jpg 2560w, https:\/\/sinergos.org\/wp-content\/uploads\/2020\/08\/Taller-Jose\u0301-playa-1-300x169.jpg 300w\" sizes=\"(max-width: 2560px) 100vw, 2560px\" \/>\n<p>\u00a0<\/p>\n<figcaption class=\"blocks-gallery-item__caption\">Clase en el embalse Gabriel y Gal\u00e1n<\/figcaption>\n<\/figure>\n<\/li>\n<li class=\"blocks-gallery-item\">\n<figure><img loading=\"lazy\" decoding=\"async\" width=\"2560\" height=\"1707\" class=\"wp-image-673\" src=\"https:\/\/sinergos.org\/wp-content\/uploads\/2020\/08\/Taller-Luis-1-scaled.jpg\" alt=\"Alumnado_tierras_en_danza_2020\" data-id=\"673\" data-full-url=\"https:\/\/sinergos.org\/wp-content\/uploads\/2020\/08\/Taller-Luis-1-scaled.jpg\" data-link=\"https:\/\/sinergos.org\/taller-luis-1\/\" srcset=\"https:\/\/sinergos.org\/wp-content\/uploads\/2020\/08\/Taller-Luis-1-scaled.jpg 2560w, https:\/\/sinergos.org\/wp-content\/uploads\/2020\/08\/Taller-Luis-1-300x200.jpg 300w\" sizes=\"(max-width: 2560px) 100vw, 2560px\" \/>\n<p>\u00a0<\/p>\n<figcaption class=\"blocks-gallery-item__caption\">Danza contempor\u00e1nea en el entorno natural<\/figcaption>\n<\/figure>\n<\/li>\n<li class=\"blocks-gallery-item\">\n<figure><img loading=\"lazy\" decoding=\"async\" width=\"2560\" height=\"1440\" class=\"wp-image-666\" src=\"https:\/\/sinergos.org\/wp-content\/uploads\/2020\/08\/Taller-Cristiane-y-Diana-scaled.jpg\" alt=\"Taller_diana_bonilla_tierras_en_danza\" data-id=\"666\" data-full-url=\"https:\/\/sinergos.org\/wp-content\/uploads\/2020\/08\/Taller-Cristiane-y-Diana-scaled.jpg\" data-link=\"https:\/\/sinergos.org\/taller-cristiane-y-diana\/\" srcset=\"https:\/\/sinergos.org\/wp-content\/uploads\/2020\/08\/Taller-Cristiane-y-Diana-scaled.jpg 2560w, https:\/\/sinergos.org\/wp-content\/uploads\/2020\/08\/Taller-Cristiane-y-Diana-300x169.jpg 300w\" sizes=\"(max-width: 2560px) 100vw, 2560px\" \/>\n<p>\u00a0<\/p>\n<figcaption class=\"blocks-gallery-item__caption\">Clase de Diana Bonilla en el exterior del Anillo<\/figcaption>\n<\/figure>\n<\/li>\n<li class=\"blocks-gallery-item\">\n<figure><img loading=\"lazy\" decoding=\"async\" width=\"2560\" height=\"1707\" class=\"wp-image-668\" src=\"https:\/\/sinergos.org\/wp-content\/uploads\/2020\/08\/Taller-Luis-2-1-scaled.jpg\" alt=\"Clase_danza_contempor\u00e1nea_el_anillo_tierras_en_danza_2020\" data-id=\"668\" data-full-url=\"https:\/\/sinergos.org\/wp-content\/uploads\/2020\/08\/Taller-Luis-2-1-scaled.jpg\" data-link=\"https:\/\/sinergos.org\/taller-luis-2-1\/\" srcset=\"https:\/\/sinergos.org\/wp-content\/uploads\/2020\/08\/Taller-Luis-2-1-scaled.jpg 2560w, https:\/\/sinergos.org\/wp-content\/uploads\/2020\/08\/Taller-Luis-2-1-300x200.jpg 300w\" sizes=\"(max-width: 2560px) 100vw, 2560px\" \/>\n<p>\u00a0<\/p>\n<figcaption class=\"blocks-gallery-item__caption\">Clase en la terraza de El Anillo<\/figcaption>\n<\/figure>\n<\/li>\n<\/ul>\n<figcaption class=\"blocks-gallery-caption\">Para ver m\u00e1s fotograf\u00edas pincha <a href=\"http:\/\/tierrasendanza.es\/\">aqu\u00ed<\/a><\/figcaption>\n<\/figure>\n<p><!-- \/wp:gallery --><\/p>\n<p><!-- wp:spacer {\"height\":36} --><\/p>\n<div class=\"wp-block-spacer\" style=\"height: 36px;\" aria-hidden=\"true\">\u00a0<\/div>\n<p><!-- \/wp:spacer --><\/p>\n<p><!-- wp:heading {\"level\":3} --><\/p>\n<h3>REPERCUSI\u00d3N EN MEDIOS Y REDES SOCIALES<\/h3>\n<p><!-- \/wp:heading --><\/p>\n<p><!-- wp:columns --><\/p>\n<div class=\"wp-block-columns\">\n<p><!-- wp:column --><\/p>\n<div class=\"wp-block-column\">\n<p><!-- wp:image {\"align\":\"center\",\"id\":616,\"sizeSlug\":\"large\"} --><\/p>\n<div class=\"wp-block-image\">\n<figure class=\"aligncenter size-large\"><img loading=\"lazy\" decoding=\"async\" width=\"589\" height=\"1024\" class=\"wp-image-616\" src=\"https:\/\/sinergos.org\/wp-content\/uploads\/2020\/07\/The-dance-platform-e1594407624206-589x1024.png\" alt=\"The dance platform Tierras en Danza Sinergos\" srcset=\"https:\/\/sinergos.org\/wp-content\/uploads\/2020\/07\/The-dance-platform-e1594407624206-589x1024.png 589w, https:\/\/sinergos.org\/wp-content\/uploads\/2020\/07\/The-dance-platform-e1594407624206-172x300.png 172w, https:\/\/sinergos.org\/wp-content\/uploads\/2020\/07\/The-dance-platform-e1594407624206-768x1336.png 768w, https:\/\/sinergos.org\/wp-content\/uploads\/2020\/07\/The-dance-platform-e1594407624206-883x1536.png 883w, https:\/\/sinergos.org\/wp-content\/uploads\/2020\/07\/The-dance-platform-e1594407624206.png 1080w\" sizes=\"(max-width: 589px) 100vw, 589px\" \/>\n<p>\u00a0<\/p>\n<figcaption><a href=\"https:\/\/thedanceplatform.com\/tierras-en-danza-contemporary-dance-festival-in-nature\/\" target=\"_blank\" rel=\"noreferrer noopener\">The Dance Plataform<\/a><\/figcaption>\n<\/figure>\n<\/div>\n<p><!-- \/wp:image --><\/p>\n<\/div>\n<p><!-- \/wp:column --><\/p>\n<p><!-- wp:column --><\/p>\n<div class=\"wp-block-column\">\n<p><!-- wp:image {\"align\":\"center\",\"id\":617,\"sizeSlug\":\"large\"} --><\/p>\n<div class=\"wp-block-image\">\n<figure class=\"aligncenter size-large\"><img loading=\"lazy\" decoding=\"async\" width=\"604\" height=\"1024\" class=\"wp-image-617\" src=\"https:\/\/sinergos.org\/wp-content\/uploads\/2020\/07\/Danza.es_-e1594407845477-604x1024.png\" alt=\"Danza.es Tierras en Danza SInergos\" srcset=\"https:\/\/sinergos.org\/wp-content\/uploads\/2020\/07\/Danza.es_-e1594407845477-604x1024.png 604w, https:\/\/sinergos.org\/wp-content\/uploads\/2020\/07\/Danza.es_-e1594407845477-177x300.png 177w, https:\/\/sinergos.org\/wp-content\/uploads\/2020\/07\/Danza.es_-e1594407845477-768x1301.png 768w, https:\/\/sinergos.org\/wp-content\/uploads\/2020\/07\/Danza.es_-e1594407845477-906x1536.png 906w, https:\/\/sinergos.org\/wp-content\/uploads\/2020\/07\/Danza.es_-e1594407845477.png 1080w\" sizes=\"(max-width: 604px) 100vw, 604px\" \/>\n<p>\u00a0<\/p>\n<figcaption><a href=\"https:\/\/www.danza.es\/actualidad\/tierras-en-danza\" target=\"_blank\" rel=\"noreferrer noopener\">Danza.es<\/a><\/figcaption>\n<\/figure>\n<\/div>\n<p><!-- \/wp:image --><\/p>\n<\/div>\n<p><!-- \/wp:column --><\/p>\n<p><!-- wp:column --><\/p>\n<div class=\"wp-block-column\">\n<p><!-- wp:image {\"align\":\"center\",\"id\":618,\"width\":183,\"height\":366,\"sizeSlug\":\"large\"} --><\/p>\n<div class=\"wp-block-image\">\n<figure class=\"aligncenter size-large is-resized\"><img loading=\"lazy\" decoding=\"async\" class=\"wp-image-618\" src=\"https:\/\/sinergos.org\/wp-content\/uploads\/2020\/07\/Dancing-opportunities-512x1024.png\" alt=\"Dancing opportunities Tierras en Danza Sinergos\" width=\"183\" height=\"366\" \/>\n<p>\u00a0<\/p>\n<figcaption><a href=\"https:\/\/dancingopportunities.com\/tierrasen-danza-festival-summer-intensive-shows\/\" target=\"_blank\" rel=\"noreferrer noopener\">Dancing Opportunities<\/a><\/figcaption>\n<\/figure>\n<\/div>\n<p><!-- \/wp:image --><\/p>\n<\/div>\n<p><!-- \/wp:column --><\/p>\n<p><!-- wp:column --><\/p>\n<div class=\"wp-block-column\">\n<p><!-- wp:image {\"align\":\"center\",\"id\":620,\"sizeSlug\":\"large\"} --><\/p>\n<div class=\"wp-block-image\">\n<figure class=\"aligncenter size-large\"><img loading=\"lazy\" decoding=\"async\" width=\"512\" height=\"642\" class=\"wp-image-620\" src=\"https:\/\/sinergos.org\/wp-content\/uploads\/2020\/07\/20200601-observatorio-extremen\u0303o-cultura-.png\" alt=\"observatorio extremen\u0303o cultura tierras en danza Sinergos\" srcset=\"https:\/\/sinergos.org\/wp-content\/uploads\/2020\/07\/20200601-observatorio-extremen\u0303o-cultura-.png 512w, https:\/\/sinergos.org\/wp-content\/uploads\/2020\/07\/20200601-observatorio-extremen\u0303o-cultura--239x300.png 239w\" sizes=\"(max-width: 512px) 100vw, 512px\" \/>\n<p>\u00a0<\/p>\n<figcaption><a href=\"https:\/\/www.facebook.com\/observaculturaextremadura\/photos\/a.498992190111\/10164254817035112\/?type=3&amp;theater\" target=\"_blank\" rel=\"noreferrer noopener\">Observatorio Extreme\u00f1o de la Cultura<\/a><\/figcaption>\n<\/figure>\n<\/div>\n<p><!-- \/wp:image --><\/p>\n<\/div>\n<p><!-- \/wp:column --><\/p>\n<p><!-- wp:column --><\/p>\n<div class=\"wp-block-column\">\n<p><!-- wp:image {\"align\":\"center\",\"id\":621,\"sizeSlug\":\"large\"} --><\/p>\n<div class=\"wp-block-image\">\n<figure class=\"aligncenter size-large\"><img loading=\"lazy\" decoding=\"async\" width=\"694\" height=\"1024\" class=\"wp-image-621\" src=\"https:\/\/sinergos.org\/wp-content\/uploads\/2020\/07\/e32219da-525c-4989-8946-e079d531a157-e1594408833923-694x1024.jpeg\" alt=\"Instituto de la Juventud de Extremadura Tierras en Danza Sinergos\" srcset=\"https:\/\/sinergos.org\/wp-content\/uploads\/2020\/07\/e32219da-525c-4989-8946-e079d531a157-e1594408833923-694x1024.jpeg 694w, https:\/\/sinergos.org\/wp-content\/uploads\/2020\/07\/e32219da-525c-4989-8946-e079d531a157-e1594408833923-203x300.jpeg 203w, https:\/\/sinergos.org\/wp-content\/uploads\/2020\/07\/e32219da-525c-4989-8946-e079d531a157-e1594408833923.jpeg 707w\" sizes=\"(max-width: 694px) 100vw, 694px\" \/>\n<p>\u00a0<\/p>\n<figcaption><a href=\"http:\/\/juventudextremadura.gobex.es\/web\/detalle-convocatoria-ocio--cultura-y-deporte?codigo=8817\" target=\"_blank\" rel=\"noreferrer noopener\">Instituto de la Juventud de Extremadura<\/a><\/figcaption>\n<\/figure>\n<\/div>\n<p><!-- \/wp:image --><\/p>\n<\/div>\n<p><!-- \/wp:column --><\/p>\n<\/div>\n<p><!-- \/wp:columns --><\/p>\n<p><!-- wp:columns --><\/p>\n<div class=\"wp-block-columns\">\n<p><!-- wp:column --><\/p>\n<div class=\"wp-block-column\">\n<p><!-- wp:image {\"align\":\"center\",\"id\":624,\"sizeSlug\":\"large\"} --><\/p>\n<div class=\"wp-block-image\">\n<figure class=\"aligncenter size-large\"><img loading=\"lazy\" decoding=\"async\" width=\"509\" height=\"663\" class=\"wp-image-624\" src=\"https:\/\/sinergos.org\/wp-content\/uploads\/2020\/07\/20200604-El-Anillo.png\" alt=\"El anillo Tierras en Danza Sinergos\" srcset=\"https:\/\/sinergos.org\/wp-content\/uploads\/2020\/07\/20200604-El-Anillo.png 509w, https:\/\/sinergos.org\/wp-content\/uploads\/2020\/07\/20200604-El-Anillo-230x300.png 230w\" sizes=\"(max-width: 509px) 100vw, 509px\" \/>\n<p>\u00a0<\/p>\n<figcaption><a href=\"https:\/\/www.facebook.com\/elanilloinnova\/photos\/a.202435096487869\/3357451640986183\/?type=3&amp;theater\" target=\"_blank\" rel=\"noreferrer noopener\">El Anillo<\/a><\/figcaption>\n<\/figure>\n<\/div>\n<p><!-- \/wp:image --><\/p>\n<\/div>\n<p><!-- \/wp:column --><\/p>\n<p><!-- wp:column --><\/p>\n<div class=\"wp-block-column\">\n<p><!-- wp:image {\"align\":\"center\",\"id\":626,\"sizeSlug\":\"large\"} --><\/p>\n<div class=\"wp-block-image\">\n<figure class=\"aligncenter size-large\"><img loading=\"lazy\" decoding=\"async\" width=\"714\" height=\"1024\" class=\"wp-image-626\" src=\"https:\/\/sinergos.org\/wp-content\/uploads\/2020\/07\/f6c6484a-9b63-45c1-8607-948cc71cc938-e1594410769772-714x1024.jpeg\" alt=\"agenda sino se cancela Tierras en Danza 2020 Sinergos\" srcset=\"https:\/\/sinergos.org\/wp-content\/uploads\/2020\/07\/f6c6484a-9b63-45c1-8607-948cc71cc938-e1594410769772-714x1024.jpeg 714w, https:\/\/sinergos.org\/wp-content\/uploads\/2020\/07\/f6c6484a-9b63-45c1-8607-948cc71cc938-e1594410769772-209x300.jpeg 209w, https:\/\/sinergos.org\/wp-content\/uploads\/2020\/07\/f6c6484a-9b63-45c1-8607-948cc71cc938-e1594410769772.jpeg 720w\" sizes=\"(max-width: 714px) 100vw, 714px\" \/>\n<p>\u00a0<\/p>\n<figcaption><a href=\"https:\/\/www.danza.es\/actualidad\/tierras-en-danza\" target=\"_blank\" rel=\"noreferrer noopener\">Agenda Sinosecancela<\/a><\/figcaption>\n<\/figure>\n<\/div>\n<p><!-- \/wp:image --><\/p>\n<p><!-- wp:paragraph --><\/p>\n<p><!-- \/wp:paragraph --><\/p>\n<\/div>\n<p><!-- \/wp:column --><\/p>\n<p><!-- wp:column --><\/p>\n<div class=\"wp-block-column\">\n<p><!-- wp:image {\"align\":\"center\",\"id\":646,\"sizeSlug\":\"large\"} --><\/p>\n<div class=\"wp-block-image\">\n<figure class=\"aligncenter size-large\"><img loading=\"lazy\" decoding=\"async\" width=\"684\" height=\"1024\" class=\"wp-image-646\" src=\"https:\/\/sinergos.org\/wp-content\/uploads\/2020\/08\/Screenshot_20200817-122834_2-1-684x1024.png\" alt=\"panorama extremadura Festival y encuentro Tierras En Danza\" srcset=\"https:\/\/sinergos.org\/wp-content\/uploads\/2020\/08\/Screenshot_20200817-122834_2-1-684x1024.png 684w, https:\/\/sinergos.org\/wp-content\/uploads\/2020\/08\/Screenshot_20200817-122834_2-1-201x300.png 201w, https:\/\/sinergos.org\/wp-content\/uploads\/2020\/08\/Screenshot_20200817-122834_2-1-768x1149.png 768w, https:\/\/sinergos.org\/wp-content\/uploads\/2020\/08\/Screenshot_20200817-122834_2-1-1027x1536.png 1027w, https:\/\/sinergos.org\/wp-content\/uploads\/2020\/08\/Screenshot_20200817-122834_2-1.png 1050w\" sizes=\"(max-width: 684px) 100vw, 684px\" \/>\n<p>\u00a0<\/p>\n<figcaption><a href=\"https:\/\/www.panoramaextremadura.es\/la-danza-contemporanea-llega-a-guijos-de-granadilla-y-banos-de-montemayor\/\" target=\"_blank\" rel=\"noreferrer noopener\">Panorama Extremadura<\/a><\/figcaption>\n<\/figure>\n<\/div>\n<p><!-- \/wp:image --><\/p>\n<\/div>\n<p><!-- \/wp:column --><\/p>\n<p><!-- wp:column --><\/p>\n<div class=\"wp-block-column\">\n<p><!-- wp:image {\"align\":\"center\",\"id\":647,\"sizeSlug\":\"large\"} --><\/p>\n<div class=\"wp-block-image\">\n<figure class=\"aligncenter size-large\"><img loading=\"lazy\" decoding=\"async\" width=\"711\" height=\"1024\" class=\"wp-image-647\" src=\"https:\/\/sinergos.org\/wp-content\/uploads\/2020\/08\/Screenshot_20200817-120716_2-711x1024.png\" alt=\"Revista Grada festival tierras en danza\" srcset=\"https:\/\/sinergos.org\/wp-content\/uploads\/2020\/08\/Screenshot_20200817-120716_2-711x1024.png 711w, https:\/\/sinergos.org\/wp-content\/uploads\/2020\/08\/Screenshot_20200817-120716_2-208x300.png 208w, https:\/\/sinergos.org\/wp-content\/uploads\/2020\/08\/Screenshot_20200817-120716_2-768x1106.png 768w, https:\/\/sinergos.org\/wp-content\/uploads\/2020\/08\/Screenshot_20200817-120716_2-1067x1536.png 1067w, https:\/\/sinergos.org\/wp-content\/uploads\/2020\/08\/Screenshot_20200817-120716_2.png 1080w\" sizes=\"(max-width: 711px) 100vw, 711px\" \/>\n<p>\u00a0<\/p>\n<figcaption><a href=\"https:\/\/www.grada.es\/la-danza-contemporanea-inunda-banos-de-montemayor-y-guijo-de-granadilla-con-el-festival-tierras-en-danza\/cultura\/mas-cultura\/\" target=\"_blank\" rel=\"noreferrer noopener\">Revista Grada<\/a><\/figcaption>\n<\/figure>\n<\/div>\n<p><!-- \/wp:image --><\/p>\n<\/div>\n<p><!-- \/wp:column --><\/p>\n<p><!-- wp:column --><\/p>\n<div class=\"wp-block-column\">\n<p><!-- wp:image {\"align\":\"center\",\"id\":680,\"sizeSlug\":\"large\"} --><\/p>\n<div class=\"wp-block-image\">\n<figure class=\"aligncenter size-large\"><img loading=\"lazy\" decoding=\"async\" width=\"648\" height=\"1024\" class=\"wp-image-680\" src=\"https:\/\/sinergos.org\/wp-content\/uploads\/2020\/08\/Screenshot_20200817-190252_2-648x1024.png\" alt=\"Tierras en danza Danza.es\" srcset=\"https:\/\/sinergos.org\/wp-content\/uploads\/2020\/08\/Screenshot_20200817-190252_2-648x1024.png 648w, https:\/\/sinergos.org\/wp-content\/uploads\/2020\/08\/Screenshot_20200817-190252_2-190x300.png 190w, https:\/\/sinergos.org\/wp-content\/uploads\/2020\/08\/Screenshot_20200817-190252_2-768x1213.png 768w, https:\/\/sinergos.org\/wp-content\/uploads\/2020\/08\/Screenshot_20200817-190252_2-972x1536.png 972w, https:\/\/sinergos.org\/wp-content\/uploads\/2020\/08\/Screenshot_20200817-190252_2.png 1080w\" sizes=\"(max-width: 648px) 100vw, 648px\" \/>\n<p>\u00a0<\/p>\n<figcaption><a href=\"https:\/\/www.danza.es\/actualidad\/encuentro-cacereno-danza-contemporanea-tierras-en-danza\" target=\"_blank\" rel=\"noreferrer noopener\">Danza.es<\/a><\/figcaption>\n<\/figure>\n<\/div>\n<p><!-- \/wp:image --><\/p>\n<\/div>\n<p><!-- \/wp:column --><\/p>\n<\/div>\n<p><!-- \/wp:columns --><\/p>\n<p><!-- wp:block {\"ref\":589} \/--><\/p>\t\t\t\t\t\t\t\t<\/div>\n\t\t\t\t<\/div>\n\t\t\t\t\t<\/div>\n\t\t<\/div>\n\t\t\t\t\t<\/div>\n\t\t<\/section>\n\t\t\t\t<section class=\"elementor-section elementor-top-section elementor-element elementor-element-2f09cd3 elementor-section-boxed elementor-section-height-default elementor-section-height-default\" data-id=\"2f09cd3\" data-element_type=\"section\" data-e-type=\"section\">\n\t\t\t\t\t\t<div class=\"elementor-container elementor-column-gap-default\">\n\t\t\t\t\t<div class=\"elementor-column elementor-col-100 elementor-top-column elementor-element elementor-element-888d7e5\" data-id=\"888d7e5\" data-element_type=\"column\" data-e-type=\"column\">\n\t\t\t<div class=\"elementor-widget-wrap elementor-element-populated\">\n\t\t\t\t\t\t<div class=\"elementor-element elementor-element-68a4ab9 elementor-widget elementor-widget-spacer\" data-id=\"68a4ab9\" data-element_type=\"widget\" data-e-type=\"widget\" data-widget_type=\"spacer.default\">\n\t\t\t\t<div class=\"elementor-widget-container\">\n\t\t\t\t\t\t\t<div class=\"elementor-spacer\">\n\t\t\t<div class=\"elementor-spacer-inner\"><\/div>\n\t\t<\/div>\n\t\t\t\t\t\t<\/div>\n\t\t\t\t<\/div>\n\t\t\t\t\t<\/div>\n\t\t<\/div>\n\t\t\t\t\t<\/div>\n\t\t<\/section>\n\t\t\t\t<section class=\"elementor-section elementor-top-section elementor-element elementor-element-70fea9d elementor-section-boxed elementor-section-height-default elementor-section-height-default\" data-id=\"70fea9d\" data-element_type=\"section\" data-e-type=\"section\" data-settings=\"{&quot;background_background&quot;:&quot;classic&quot;}\">\n\t\t\t\t\t\t<div class=\"elementor-container elementor-column-gap-default\">\n\t\t\t\t\t<div class=\"elementor-column elementor-col-50 elementor-top-column elementor-element elementor-element-97041b1\" data-id=\"97041b1\" data-element_type=\"column\" data-e-type=\"column\">\n\t\t\t<div class=\"elementor-widget-wrap elementor-element-populated\">\n\t\t\t\t\t\t<div class=\"elementor-element elementor-element-8b5c60d elementor-align-center elementor-widget elementor-widget-button\" data-id=\"8b5c60d\" data-element_type=\"widget\" data-e-type=\"widget\" data-widget_type=\"button.default\">\n\t\t\t\t<div class=\"elementor-widget-container\">\n\t\t\t\t\t\t\t\t\t<div class=\"elementor-button-wrapper\">\n\t\t\t\t\t<a class=\"elementor-button elementor-button-link elementor-size-xs\" href=\"https:\/\/sinergos.org\/wp-content\/uploads\/2021\/07\/SINERGOS_Aviso_legal_cookies_analiticas.pdf\" target=\"_blank\">\n\t\t\t\t\t\t<span class=\"elementor-button-content-wrapper\">\n\t\t\t\t\t\t\t\t\t<span class=\"elementor-button-text\">AVISO LEGAL<\/span>\n\t\t\t\t\t<\/span>\n\t\t\t\t\t<\/a>\n\t\t\t\t<\/div>\n\t\t\t\t\t\t\t\t<\/div>\n\t\t\t\t<\/div>\n\t\t\t\t\t<\/div>\n\t\t<\/div>\n\t\t\t\t<div class=\"elementor-column elementor-col-50 elementor-top-column elementor-element elementor-element-3382885\" data-id=\"3382885\" data-element_type=\"column\" data-e-type=\"column\">\n\t\t\t<div class=\"elementor-widget-wrap elementor-element-populated\">\n\t\t\t\t\t\t<div class=\"elementor-element elementor-element-cc84c0e elementor-align-center elementor-widget elementor-widget-button\" data-id=\"cc84c0e\" data-element_type=\"widget\" data-e-type=\"widget\" data-widget_type=\"button.default\">\n\t\t\t\t<div class=\"elementor-widget-container\">\n\t\t\t\t\t\t\t\t\t<div class=\"elementor-button-wrapper\">\n\t\t\t\t\t<a class=\"elementor-button elementor-button-link elementor-size-xs\" href=\"https:\/\/sinergos.org\/wp-content\/uploads\/2021\/07\/SINERGOS_Politica_de_PRIVACIDAD.pdf\" target=\"_blank\">\n\t\t\t\t\t\t<span class=\"elementor-button-content-wrapper\">\n\t\t\t\t\t\t\t\t\t<span class=\"elementor-button-text\">POL\u00cdTICA PRIVACIDAD<\/span>\n\t\t\t\t\t<\/span>\n\t\t\t\t\t<\/a>\n\t\t\t\t<\/div>\n\t\t\t\t\t\t\t\t<\/div>\n\t\t\t\t<\/div>\n\t\t\t\t\t<\/div>\n\t\t<\/div>\n\t\t\t\t\t<\/div>\n\t\t<\/section>\n\t\t\t\t<\/div>\n\t\t","protected":false},"excerpt":{"rendered":"<p>FOTOGRAF\u00cdAS \u00a0Fotograf\u00eda de grupo de la primera promoci\u00f3n del encuentro formativo Tierras en Danza \u00a0Encuentro formativo en un entorno \u00fanico \u00a0Clase de Cristiane Boullosa en las instalaciones del Anillo \u00a0Clase de Luis Agorreta \u00a0Taller de improvisaci\u00f3n en el anfiteatro de la ciudad romana de C\u00e1parra \u00a0Clase de Jos\u00e9 Reches \u00a0Taller de improvisaci\u00f3n en el jard\u00edn &#8230; <a title=\"ENCUENTRO TIERRAS EN DANZA\" class=\"read-more\" href=\"https:\/\/sinergos.org\/index.php\/encuentro-tierras-en-danza\/\" aria-label=\"Leer m\u00e1s sobre ENCUENTRO TIERRAS EN DANZA\">Leer m\u00e1s<\/a><\/p>\n","protected":false},"author":2,"featured_media":0,"parent":0,"menu_order":0,"comment_status":"closed","ping_status":"closed","template":"","meta":{"_monsterinsights_skip_tracking":false,"_monsterinsights_sitenote_active":false,"_monsterinsights_sitenote_note":"","_monsterinsights_sitenote_category":0,"footnotes":""},"class_list":["post-615","page","type-page","status-publish"],"aioseo_notices":[],"_links":{"self":[{"href":"https:\/\/sinergos.org\/index.php\/wp-json\/wp\/v2\/pages\/615","targetHints":{"allow":["GET"]}}],"collection":[{"href":"https:\/\/sinergos.org\/index.php\/wp-json\/wp\/v2\/pages"}],"about":[{"href":"https:\/\/sinergos.org\/index.php\/wp-json\/wp\/v2\/types\/page"}],"author":[{"embeddable":true,"href":"https:\/\/sinergos.org\/index.php\/wp-json\/wp\/v2\/users\/2"}],"replies":[{"embeddable":true,"href":"https:\/\/sinergos.org\/index.php\/wp-json\/wp\/v2\/comments?post=615"}],"version-history":[{"count":25,"href":"https:\/\/sinergos.org\/index.php\/wp-json\/wp\/v2\/pages\/615\/revisions"}],"predecessor-version":[{"id":1807,"href":"https:\/\/sinergos.org\/index.php\/wp-json\/wp\/v2\/pages\/615\/revisions\/1807"}],"wp:attachment":[{"href":"https:\/\/sinergos.org\/index.php\/wp-json\/wp\/v2\/media?parent=615"}],"curies":[{"name":"wp","href":"https:\/\/api.w.org\/{rel}","templated":true}]}}